{"id":123,"date":"2019-06-22T12:21:07","date_gmt":"2019-06-22T12:21:07","guid":{"rendered":"https:\/\/themes.pixelwars.org\/ikonik\/demo-01\/?post_type=portfolio&#038;p=123"},"modified":"2025-05-14T15:10:58","modified_gmt":"2025-05-14T15:10:58","slug":"karolina-pawul","status":"publish","type":"portfolio","link":"https:\/\/ensemble.fiestravaganza.com\/de\/portfolio\/karolina-pawul\/","title":{"rendered":"Karolina Pawul"},"content":{"rendered":"<div class=\"wp-block-image is-style-rounded\">\n<figure class=\"aligncenter size-full is-resized\"><img fetchpriority=\"high\" decoding=\"async\" width=\"960\" height=\"1440\" src=\"https:\/\/fiestravaganza-ensemble-gvc5guf2f4byb7b5.switzerlandnorth-01.azurewebsites.net\/wp-content\/uploads\/2025\/05\/Karolina-Background.webp\" alt=\"\" class=\"wp-image-422\" style=\"width:420px\" srcset=\"https:\/\/ensemble.fiestravaganza.com\/wp-content\/uploads\/2025\/05\/Karolina-Background.webp 960w, https:\/\/ensemble.fiestravaganza.com\/wp-content\/uploads\/2025\/05\/Karolina-Background-333x500.webp 333w, https:\/\/ensemble.fiestravaganza.com\/wp-content\/uploads\/2025\/05\/Karolina-Background-133x200.webp 133w, https:\/\/ensemble.fiestravaganza.com\/wp-content\/uploads\/2025\/05\/Karolina-Background-768x1152.webp 768w, https:\/\/ensemble.fiestravaganza.com\/wp-content\/uploads\/2025\/05\/Karolina-Background-1024x1536.webp 1024w, https:\/\/ensemble.fiestravaganza.com\/wp-content\/uploads\/2025\/05\/Karolina-Background-1366x2048.webp 1366w, https:\/\/ensemble.fiestravaganza.com\/wp-content\/uploads\/2025\/05\/Karolina-Background-1000x1500.webp 1000w, https:\/\/ensemble.fiestravaganza.com\/wp-content\/uploads\/2025\/05\/Karolina-Background-550x825.webp 550w, https:\/\/ensemble.fiestravaganza.com\/wp-content\/uploads\/2025\/05\/Karolina-Background-150x225.webp 150w, https:\/\/ensemble.fiestravaganza.com\/wp-content\/uploads\/2025\/05\/Karolina-Background-720x1080.webp 720w, https:\/\/ensemble.fiestravaganza.com\/wp-content\/uploads\/2025\/05\/Karolina-Background-8x12.webp 8w\" sizes=\"(max-width: 960px) 100vw, 960px\" \/><\/figure><\/div>\n\n\n<p>Die Bratschistin Karolina Pawul, 1998 in Warschau geboren, bekam mit 7 Jahren ihren ersten Geigenunterricht. Nach einigen Wettbewerbserfolgen begann sie mit 16 Jahren zus\u00e4tzlich Bratsche zu spielen. Sofort erspielte sie sich Erste Preise beim National Viola and Double Bass Contest (2014), lll. Meeting of Young Violists in Skierniewice, National Bowed Instruments Competition for Youth (2015), 19. International Bowed String Instruments Competition in the Name of Bohdan Warchal (2015), l. Viola Review in the Name of Tadeusz Gonet und National Viola Competition in the Name of Dominik Rutkowski (2016).<\/p>\n\n\n\n<p>Als Solistin trat Karolina 2016 mit dem China Philharmonic Orchestra in der Verbotenen Stadt in Peking beim Wettbewerb Morningside Music Bridge auf, wo sie au\u00dferdem Unterricht bei Wang Shaowu, Teng Li, Steve Tenenbom, Emlyn Stam, Atar Arad, Sheng Li und Roberto Diaz erhielt. Weitere solistische Auftritte hatte sie im Polish Radio Studio, in der Warschauer Philharmonie, mit der Sinfonietta Cracovia, im Krzysztof Penderecki European Centre for Music und im Rahmen der rbb-Sendung \u201eDie Absolventen\u201c in Berlin. 2022 spielte sie als Solistin mit der Baden-Badener Philharmonie.<\/p>\n\n\n\n<p>Seit dem Wintersemester 2017\/18 studiert Karolina bei Prof. Hartmut Rohde an der Universit\u00e4t der K\u00fcnste in Berlin. Kammermusikunterricht in unterschiedlichen Formationen (Streichtrio, Streichquartett, Klavierquartett) erh\u00e4lt sie dort u.a. von Prof. Eckart Runge. Seit 2019 ist sie Solobratschistin des Orchesters der Universit\u00e4t der K\u00fcnste Berlin.<\/p>\n\n\n\n<p>Von 2018 bis 2020 war Karolina Solobratschistin des European Union Youth Orchestra. Konzerte f\u00fchrten sie u.a. nach Amsterdam (Concertgebouw), Berlin (Konzerthaus), London (Royal Albert Hall), St. Petersburg (Mariinski-Theater), Dubai, Kanada, Kuba und in die Hamburger Elbphilharmonie. Sie spielte unter Dirigenten wie Manfred Honeck, Gianandrea Noseda, Stephane Den\u00e8ve, Vasily Petrenko und Valery Gergiev. Seit 2022 ist Karolina Mitglied der Kammerphilharmonie Metamorphosen Berlin unter der Leitung von Wolfgang Emanuel Schmidt.<\/p>\n\n\n\n<p>Von 2014 bis 2017 war Karolina Stipendiatin der Krajowy Fundusz na rzecz Dzieci, von 2018 bis 2020 des Deutschen Akademischen Austauschdienstes (DAAD) und seit 2018 ist sie Stipendiatin der Paul-Hindemith-Gesellschaft Berlin. Ab M\u00e4rz 2024 hat Karolina einen Zeitvertrag in der Dresdner Philharmonie.<\/p>","protected":false},"excerpt":{"rendered":"<p>Viola<\/p>","protected":false},"author":1,"featured_media":422,"comment_status":"closed","ping_status":"closed","template":"","format":"standard","portfolio-category":[],"class_list":["post-123","portfolio","type-portfolio","status-publish","format-standard","has-post-thumbnail","hentry"],"yoast_head":"<!-- This site is optimized with the Yoast SEO Premium plugin v25.0 (Yoast SEO v27.5) - https:\/\/yoast.com\/product\/yoast-seo-premium-wordpress\/ -->\n<title>Karolina Pawul - Fiestravaganza Ensemble<\/title>\n<meta name=\"robots\" content=\"index, follow, max-snippet:-1, max-image-preview:large, max-video-preview:-1\" \/>\n<link rel=\"canonical\" href=\"https:\/\/ensemble.fiestravaganza.com\/de\/portfolio\/karolina-pawul\/\" \/>\n<meta property=\"og:locale\" content=\"de_DE\" \/>\n<meta property=\"og:type\" content=\"article\" \/>\n<meta property=\"og:title\" content=\"Karolina Pawul\" \/>\n<meta property=\"og:description\" content=\"Viola\" \/>\n<meta property=\"og:url\" content=\"https:\/\/ensemble.fiestravaganza.com\/de\/portfolio\/karolina-pawul\/\" \/>\n<meta property=\"og:site_name\" content=\"Fiestravaganza Ensemble\" \/>\n<meta property=\"article:modified_time\" content=\"2025-05-14T15:10:58+00:00\" \/>\n<meta property=\"og:image\" content=\"https:\/\/ensemble.fiestravaganza.com\/wp-content\/uploads\/2025\/05\/Karolina-Background.webp\" \/>\n\t<meta property=\"og:image:width\" content=\"1707\" \/>\n\t<meta property=\"og:image:height\" content=\"2560\" \/>\n\t<meta property=\"og:image:type\" content=\"image\/webp\" \/>\n<meta name=\"twitter:card\" content=\"summary_large_image\" \/>\n<meta name=\"twitter:label1\" content=\"Est. reading time\" \/>\n\t<meta name=\"twitter:data1\" content=\"2 minutes\" \/>\n<script type=\"application\/ld+json\" class=\"yoast-schema-graph\">{\"@context\":\"https:\\\/\\\/schema.org\",\"@graph\":[{\"@type\":\"WebPage\",\"@id\":\"https:\\\/\\\/ensemble.fiestravaganza.com\\\/portfolio\\\/karolina-pawul\\\/\",\"url\":\"https:\\\/\\\/ensemble.fiestravaganza.com\\\/portfolio\\\/karolina-pawul\\\/\",\"name\":\"Karolina Pawul - Fiestravaganza Ensemble\",\"isPartOf\":{\"@id\":\"https:\\\/\\\/ensemble.fiestravaganza.com\\\/#website\"},\"primaryImageOfPage\":{\"@id\":\"https:\\\/\\\/ensemble.fiestravaganza.com\\\/portfolio\\\/karolina-pawul\\\/#primaryimage\"},\"image\":{\"@id\":\"https:\\\/\\\/ensemble.fiestravaganza.com\\\/portfolio\\\/karolina-pawul\\\/#primaryimage\"},\"thumbnailUrl\":\"https:\\\/\\\/ensemble.fiestravaganza.com\\\/wp-content\\\/uploads\\\/2025\\\/05\\\/Karolina-Background.webp\",\"datePublished\":\"2019-06-22T12:21:07+00:00\",\"dateModified\":\"2025-05-14T15:10:58+00:00\",\"breadcrumb\":{\"@id\":\"https:\\\/\\\/ensemble.fiestravaganza.com\\\/portfolio\\\/karolina-pawul\\\/#breadcrumb\"},\"inLanguage\":\"de-DE\",\"potentialAction\":[{\"@type\":\"ReadAction\",\"target\":[\"https:\\\/\\\/ensemble.fiestravaganza.com\\\/portfolio\\\/karolina-pawul\\\/\"]}]},{\"@type\":\"ImageObject\",\"inLanguage\":\"de-DE\",\"@id\":\"https:\\\/\\\/ensemble.fiestravaganza.com\\\/portfolio\\\/karolina-pawul\\\/#primaryimage\",\"url\":\"https:\\\/\\\/ensemble.fiestravaganza.com\\\/wp-content\\\/uploads\\\/2025\\\/05\\\/Karolina-Background.webp\",\"contentUrl\":\"https:\\\/\\\/ensemble.fiestravaganza.com\\\/wp-content\\\/uploads\\\/2025\\\/05\\\/Karolina-Background.webp\",\"width\":960,\"height\":1440},{\"@type\":\"BreadcrumbList\",\"@id\":\"https:\\\/\\\/ensemble.fiestravaganza.com\\\/portfolio\\\/karolina-pawul\\\/#breadcrumb\",\"itemListElement\":[{\"@type\":\"ListItem\",\"position\":1,\"name\":\"Home\",\"item\":\"https:\\\/\\\/ensemble.fiestravaganza.com\\\/de\\\/\"},{\"@type\":\"ListItem\",\"position\":2,\"name\":\"Karolina Pawul\"}]},{\"@type\":\"WebSite\",\"@id\":\"https:\\\/\\\/ensemble.fiestravaganza.com\\\/#website\",\"url\":\"https:\\\/\\\/ensemble.fiestravaganza.com\\\/\",\"name\":\"Fiestravaganza Ensemble\",\"description\":\"\",\"publisher\":{\"@id\":\"https:\\\/\\\/ensemble.fiestravaganza.com\\\/#organization\"},\"potentialAction\":[{\"@type\":\"SearchAction\",\"target\":{\"@type\":\"EntryPoint\",\"urlTemplate\":\"https:\\\/\\\/ensemble.fiestravaganza.com\\\/?s={search_term_string}\"},\"query-input\":{\"@type\":\"PropertyValueSpecification\",\"valueRequired\":true,\"valueName\":\"search_term_string\"}}],\"inLanguage\":\"de-DE\"},{\"@type\":\"Organization\",\"@id\":\"https:\\\/\\\/ensemble.fiestravaganza.com\\\/#organization\",\"name\":\"Fiestravaganza Ensemble\",\"url\":\"https:\\\/\\\/ensemble.fiestravaganza.com\\\/\",\"logo\":{\"@type\":\"ImageObject\",\"inLanguage\":\"de-DE\",\"@id\":\"https:\\\/\\\/ensemble.fiestravaganza.com\\\/#\\\/schema\\\/logo\\\/image\\\/\",\"url\":\"https:\\\/\\\/ensemble.fiestravaganza.com\\\/wp-content\\\/uploads\\\/2025\\\/05\\\/ensemble_favicon.svg\",\"contentUrl\":\"https:\\\/\\\/ensemble.fiestravaganza.com\\\/wp-content\\\/uploads\\\/2025\\\/05\\\/ensemble_favicon.svg\",\"width\":300,\"height\":300,\"caption\":\"Fiestravaganza Ensemble\"},\"image\":{\"@id\":\"https:\\\/\\\/ensemble.fiestravaganza.com\\\/#\\\/schema\\\/logo\\\/image\\\/\"}}]}<\/script>\n<!-- \/ Yoast SEO Premium plugin. -->","yoast_head_json":{"title":"Karolina Pawul - Fiestravaganza Ensemble","robots":{"index":"index","follow":"follow","max-snippet":"max-snippet:-1","max-image-preview":"max-image-preview:large","max-video-preview":"max-video-preview:-1"},"canonical":"https:\/\/ensemble.fiestravaganza.com\/de\/portfolio\/karolina-pawul\/","og_locale":"de_DE","og_type":"article","og_title":"Karolina Pawul","og_description":"Viola","og_url":"https:\/\/ensemble.fiestravaganza.com\/de\/portfolio\/karolina-pawul\/","og_site_name":"Fiestravaganza Ensemble","article_modified_time":"2025-05-14T15:10:58+00:00","og_image":[{"width":1707,"height":2560,"url":"https:\/\/ensemble.fiestravaganza.com\/wp-content\/uploads\/2025\/05\/Karolina-Background.webp","type":"image\/webp"}],"twitter_card":"summary_large_image","twitter_misc":{"Est. reading time":"2 minutes"},"schema":{"@context":"https:\/\/schema.org","@graph":[{"@type":"WebPage","@id":"https:\/\/ensemble.fiestravaganza.com\/portfolio\/karolina-pawul\/","url":"https:\/\/ensemble.fiestravaganza.com\/portfolio\/karolina-pawul\/","name":"Karolina Pawul - Fiestravaganza Ensemble","isPartOf":{"@id":"https:\/\/ensemble.fiestravaganza.com\/#website"},"primaryImageOfPage":{"@id":"https:\/\/ensemble.fiestravaganza.com\/portfolio\/karolina-pawul\/#primaryimage"},"image":{"@id":"https:\/\/ensemble.fiestravaganza.com\/portfolio\/karolina-pawul\/#primaryimage"},"thumbnailUrl":"https:\/\/ensemble.fiestravaganza.com\/wp-content\/uploads\/2025\/05\/Karolina-Background.webp","datePublished":"2019-06-22T12:21:07+00:00","dateModified":"2025-05-14T15:10:58+00:00","breadcrumb":{"@id":"https:\/\/ensemble.fiestravaganza.com\/portfolio\/karolina-pawul\/#breadcrumb"},"inLanguage":"de-DE","potentialAction":[{"@type":"ReadAction","target":["https:\/\/ensemble.fiestravaganza.com\/portfolio\/karolina-pawul\/"]}]},{"@type":"ImageObject","inLanguage":"de-DE","@id":"https:\/\/ensemble.fiestravaganza.com\/portfolio\/karolina-pawul\/#primaryimage","url":"https:\/\/ensemble.fiestravaganza.com\/wp-content\/uploads\/2025\/05\/Karolina-Background.webp","contentUrl":"https:\/\/ensemble.fiestravaganza.com\/wp-content\/uploads\/2025\/05\/Karolina-Background.webp","width":960,"height":1440},{"@type":"BreadcrumbList","@id":"https:\/\/ensemble.fiestravaganza.com\/portfolio\/karolina-pawul\/#breadcrumb","itemListElement":[{"@type":"ListItem","position":1,"name":"Home","item":"https:\/\/ensemble.fiestravaganza.com\/de\/"},{"@type":"ListItem","position":2,"name":"Karolina Pawul"}]},{"@type":"WebSite","@id":"https:\/\/ensemble.fiestravaganza.com\/#website","url":"https:\/\/ensemble.fiestravaganza.com\/","name":"FIESTRAVGANZA ENSEMBLE","description":"","publisher":{"@id":"https:\/\/ensemble.fiestravaganza.com\/#organization"},"potentialAction":[{"@type":"SearchAction","target":{"@type":"EntryPoint","urlTemplate":"https:\/\/ensemble.fiestravaganza.com\/?s={search_term_string}"},"query-input":{"@type":"PropertyValueSpecification","valueRequired":true,"valueName":"search_term_string"}}],"inLanguage":"de-DE"},{"@type":"Organization","@id":"https:\/\/ensemble.fiestravaganza.com\/#organization","name":"FIESTRAVGANZA ENSEMBLE","url":"https:\/\/ensemble.fiestravaganza.com\/","logo":{"@type":"ImageObject","inLanguage":"de-DE","@id":"https:\/\/ensemble.fiestravaganza.com\/#\/schema\/logo\/image\/","url":"https:\/\/ensemble.fiestravaganza.com\/wp-content\/uploads\/2025\/05\/ensemble_favicon.svg","contentUrl":"https:\/\/ensemble.fiestravaganza.com\/wp-content\/uploads\/2025\/05\/ensemble_favicon.svg","width":300,"height":300,"caption":"Fiestravaganza Ensemble"},"image":{"@id":"https:\/\/ensemble.fiestravaganza.com\/#\/schema\/logo\/image\/"}}]}},"_links":{"self":[{"href":"https:\/\/ensemble.fiestravaganza.com\/de\/wp-json\/wp\/v2\/portfolio\/123","targetHints":{"allow":["GET"]}}],"collection":[{"href":"https:\/\/ensemble.fiestravaganza.com\/de\/wp-json\/wp\/v2\/portfolio"}],"about":[{"href":"https:\/\/ensemble.fiestravaganza.com\/de\/wp-json\/wp\/v2\/types\/portfolio"}],"author":[{"embeddable":true,"href":"https:\/\/ensemble.fiestravaganza.com\/de\/wp-json\/wp\/v2\/users\/1"}],"replies":[{"embeddable":true,"href":"https:\/\/ensemble.fiestravaganza.com\/de\/wp-json\/wp\/v2\/comments?post=123"}],"version-history":[{"count":0,"href":"https:\/\/ensemble.fiestravaganza.com\/de\/wp-json\/wp\/v2\/portfolio\/123\/revisions"}],"wp:featuredmedia":[{"embeddable":true,"href":"https:\/\/ensemble.fiestravaganza.com\/de\/wp-json\/wp\/v2\/media\/422"}],"wp:attachment":[{"href":"https:\/\/ensemble.fiestravaganza.com\/de\/wp-json\/wp\/v2\/media?parent=123"}],"wp:term":[{"taxonomy":"portfolio-category","embeddable":true,"href":"https:\/\/ensemble.fiestravaganza.com\/de\/wp-json\/wp\/v2\/portfolio-category?post=123"}],"curies":[{"name":"wp","href":"https:\/\/api.w.org\/{rel}","templated":true}]}}